{"id":73242,"date":"2025-09-09T10:21:51","date_gmt":"2025-09-09T10:21:51","guid":{"rendered":"https:\/\/tedbernhardtzgroup.com\/atworkcollectionshop\/product\/product\/"},"modified":"2026-04-30T03:15:49","modified_gmt":"2026-04-30T03:15:49","slug":"vinterjacka-pro-herr-wrangler-workwear-8600005da-8600005da-8600005da-8600005da-8600005da-8600005da-8600005da-8600005da-8600005da-8600005da-8600005da-8600005da-8600005da-8600005da-8600005da-8600005da-8","status":"publish","type":"product","link":"https:\/\/tedbernhardtzgroup.com\/atworkcollectionshop\/se\/produkt\/vinterjacka-pro-herr-wrangler-workwear-8600005da-8600005da-8600005da-8600005da-8600005da-8600005da-8600005da-8600005da-8600005da-8600005da-8600005da-8600005da-8600005da-8600005da-8600005da-8600005da-8\/","title":{"rendered":"Vinterjacka Pro Herr Wrangler Workwear"},"content":{"rendered":"<p><b>Den h\u00e4r funktionella bluesign\u00ae-certifierade jackan ifr\u00e5n Wrangler Workwear kombinerar ett vattent\u00e4tt yttertyg med ett h\u00f6gpresterande Primaloft\u00ae-foder f\u00f6r optimal v\u00e4rme och funktion.\u00a0<\/b><\/p>\r\n<p><span class=\"LineBreakBlob BlobObject DragDrop SCXW244038496 BCX0\"><\/span><span class=\"TextRun EmptyTextRun SCXW244038496 BCX0\" data-contrast=\"auto\"><\/span>En praktisk och m\u00e5ngsidig jacka, <span class=\"TextRun MacChromeBold SCXW244038496 BCX0\" data-contrast=\"auto\"><span class=\"NormalTextRun SCXW244038496 BCX0\">utvecklad<\/span><span class=\"NormalTextRun SCXW244038496 BCX0\"> f\u00f6r att klara kr\u00e4vande arbetsdagar i v\u00e5ta och bl\u00e5siga arbetsf\u00f6rh\u00e5llanden och<\/span><\/span>\u00a0anpassad f\u00f6r anv\u00e4ndning \u00e5ret runt. Den \u00e4r l\u00e4tt, isolerad och vindt\u00e4t, vilket ger bra skydd mot b\u00e5de vind och fukt. Yttermaterialet best\u00e5r av ett tv\u00e5lagers vattent\u00e4tt yttertyg med tejpade s\u00f6mmar och god andningsf\u00f6rm\u00e5ga. Resultatet \u00e4r h\u00f6g komfort och l\u00e5ng h\u00e5llbarhet.<\/p>\r\n<p data-start=\"450\" data-end=\"850\">Jackan \u00e4r designad med f\u00f6rb\u00f6jda \u00e4rmar f\u00f6r smidigare r\u00f6relsefrihet reflexer p\u00e5 \u00f6vre \u00e4rmdel samt en justerbar huva med reflex f\u00f6r synlighet i m\u00f6rker. Den l\u00e4ngre bakdelen ger extra skydd mot vind, och med dragsko i huva och nederkant kan passformen enkelt anpassas. Flera praktiska inner- och ytterfickor g\u00f6r det l\u00e4tt att h\u00e5lla ordning p\u00e5 dina saker, medan de justerbara \u00e4rmsluten bidrar till \u00f6kad bekv\u00e4mlighet.<\/p>\r\n<p data-start=\"852\" data-end=\"1028\"><span class=\"TextRun MacChromeBold SCXW244038496 BCX0\" data-contrast=\"auto\"><span class=\"NormalTextRun SCXW244038496 BCX0\">En p<\/span><span class=\"NormalTextRun SCXW244038496 BCX0\">rodukt som<\/span><\/span><span class=\"TextRun MacChromeBold SCXW244038496 BCX0\" data-contrast=\"auto\"><span class=\"NormalTextRun SCXW244038496 BCX0\">\u00a0\u00e4r <\/span><span class=\"NormalTextRun SpellingErrorV2Themed SCXW244038496 BCX0\">bluesign<\/span><span class=\"NormalTextRun SCXW244038496 BCX0\">\u00ae-certifiera<\/span><span class=\"NormalTextRun SCXW244038496 BCX0\">d och inneh\u00e5ller \u00e5tervunna fibrer <\/span><span class=\"NormalTextRun SCXW244038496 BCX0\">inneb\u00e4r att den uppfyller h\u00f6ga krav p\u00e5 milj\u00f6 och h\u00e4lsa genom hela tillverkningskedjan.<\/span><\/span><span class=\"LineBreakBlob BlobObject DragDrop SCXW244038496 BCX0\"><span class=\"SCXW244038496 BCX0\">\u00a0<\/span><\/span><\/p>\r\n<p data-start=\"852\" data-end=\"1028\">\u00a0<\/p>","protected":false},"excerpt":{"rendered":"Den h\u00e4r funktionella bluesign\u00ae-certifierade jackan ifr\u00e5n Wrangler Workwear kombinerar ett vattent\u00e4tt yttertyg med ett h\u00f6gpresterande Primaloft\u00ae-foder f\u00f6r optimal v\u00e4rme och funktion.\u00a0 En praktisk och m\u00e5ngsidig jacka, utvecklad f\u00f6r att klara kr\u00e4vande arbetsdagar i v\u00e5ta och bl\u00e5siga arbetsf\u00f6rh\u00e5llanden och\u00a0anpassad f\u00f6r anv\u00e4ndning \u00e5ret runt. Den \u00e4r l\u00e4tt, isolerad och vindt\u00e4t, vilket ger bra skydd mot b\u00e5de vind&#8230;","protected":false},"featured_media":78993,"template":"","meta":[],"product_cat":[35162,2635],"product_tag":[],"acf":[],"lang":"se","translations":{"se":73242,"en":73241},"pll_sync_post":[],"_links":{"self":[{"href":"https:\/\/tedbernhardtzgroup.com\/atworkcollectionshop\/wp-json\/wp\/v2\/product\/73242"}],"collection":[{"href":"https:\/\/tedbernhardtzgroup.com\/atworkcollectionshop\/wp-json\/wp\/v2\/product"}],"about":[{"href":"https:\/\/tedbernhardtzgroup.com\/atworkcollectionshop\/wp-json\/wp\/v2\/types\/product"}],"wp:featuredmedia":[{"embeddable":true,"href":"https:\/\/tedbernhardtzgroup.com\/atworkcollectionshop\/wp-json\/wp\/v2\/media\/78993"}],"wp:attachment":[{"href":"https:\/\/tedbernhardtzgroup.com\/atworkcollectionshop\/wp-json\/wp\/v2\/media?parent=73242"}],"wp:term":[{"taxonomy":"product_cat","embeddable":true,"href":"https:\/\/tedbernhardtzgroup.com\/atworkcollectionshop\/wp-json\/wp\/v2\/product_cat?post=73242"},{"taxonomy":"product_tag","embeddable":true,"href":"https:\/\/tedbernhardtzgroup.com\/atworkcollectionshop\/wp-json\/wp\/v2\/product_tag?post=73242"}],"curies":[{"name":"wp","href":"https:\/\/api.w.org\/{rel}","templated":true}]}}