{"id":73226,"date":"2025-09-09T10:21:43","date_gmt":"2025-09-09T10:21:43","guid":{"rendered":"https:\/\/tedbernhardtzgroup.com\/atworkcollectionshop\/product\/product\/"},"modified":"2026-04-30T03:15:49","modified_gmt":"2026-04-30T03:15:49","slug":"skaljacka-pro-herr-wrangler-workwear-8600004da-8600004da-8600004da-8600004da-8600004da-8600004da-8600004da","status":"publish","type":"product","link":"https:\/\/tedbernhardtzgroup.com\/atworkcollectionshop\/se\/produkt\/skaljacka-pro-herr-wrangler-workwear-8600004da-8600004da-8600004da-8600004da-8600004da-8600004da-8600004da\/","title":{"rendered":"Skaljacka Pro Herr Wrangler Workwear"},"content":{"rendered":"<p><strong>Den h\u00e4r vattent\u00e4ta 3-lagers bluesign\u00ae-certifierade skaljackan fr\u00e5n Wrangler Workwear i mjukt och slitstarkt ripstoptyg \u00e4r utvecklad f\u00f6r att klara kr\u00e4vande arbetsmilj\u00f6er med h\u00f6g komfort och slitstyrka.<\/strong><br \/>En praktisk, smidig och m\u00e5ngsidig skaljacka, utvecklad f\u00f6r att klara kr\u00e4vande arbetsdagar i v\u00e5ta och bl\u00e5siga arbetsf\u00f6rh\u00e5llanden och\u00a0anpassad f\u00f6r anv\u00e4ndning \u00e5ret runt. Den \u00e4r l\u00e4tt och smidig utan v\u00e4rmande isolering, och ger skydd mot b\u00e5de vind och v\u00e4ta. Skaljackan best\u00e5r av ett tre-lagers vattent\u00e4tt tyg med tejpade s\u00f6mmar och h\u00f6g andningsf\u00f6rm\u00e5ga. Resultatet \u00e4r h\u00f6g komfort och l\u00e5ng h\u00e5llbarhet.<\/p>\r\n<p>Jackan \u00e4r designad med f\u00f6rb\u00f6jda \u00e4rmar f\u00f6r smidigare r\u00f6relsefrihet reflexer p\u00e5 \u00f6vre \u00e4rmdel samt en justerbar huva med reflex f\u00f6r synlighet i m\u00f6rker. Den l\u00e4ngre bakdelen ger extra skydd mot vind, och med dragsko i huva och nederkant kan passformen enkelt anpassas. Flera praktiska inner- och ytterfickor g\u00f6r det l\u00e4tt att h\u00e5lla ordning p\u00e5 dina saker, medan de justerbara \u00e4rmsluten bidrar till \u00f6kad bekv\u00e4mlighet.<\/p>\r\n<p>Tv\u00e5-v\u00e4gs vattent\u00e4t dragkedja framtill, br\u00f6stficka och handfickor g\u00f6r jackan praktisk och funktionell och de justerbara \u00e4rmsluten bidrar till \u00f6kad bekv\u00e4mlighet. Reflexdetaljer p\u00e5 \u00e4rmar och logoplacering framtill bidrar till \u00f6kad synlighet vid arbete utomhus.<\/p>\r\n<p>En produkt som\u00a0\u00e4r bluesign\u00ae-certifierad och inneb\u00e4r att den uppfyller h\u00f6ga krav p\u00e5 milj\u00f6 och h\u00e4lsa genom hela tillverkningskedjan.\u00a0<\/p>","protected":false},"excerpt":{"rendered":"Den h\u00e4r vattent\u00e4ta 3-lagers bluesign\u00ae-certifierade skaljackan fr\u00e5n Wrangler Workwear i mjukt och slitstarkt ripstoptyg \u00e4r utvecklad f\u00f6r att klara kr\u00e4vande arbetsmilj\u00f6er med h\u00f6g komfort och slitstyrka.En praktisk, smidig och m\u00e5ngsidig skaljacka, utvecklad f\u00f6r att klara kr\u00e4vande arbetsdagar i v\u00e5ta och bl\u00e5siga arbetsf\u00f6rh\u00e5llanden och\u00a0anpassad f\u00f6r anv\u00e4ndning \u00e5ret runt. Den \u00e4r l\u00e4tt och smidig utan v\u00e4rmande isolering,&#8230;","protected":false},"featured_media":78987,"template":"","meta":[],"product_cat":[35162,2635],"product_tag":[],"acf":[],"lang":"se","translations":{"se":73226,"en":73225},"pll_sync_post":[],"_links":{"self":[{"href":"https:\/\/tedbernhardtzgroup.com\/atworkcollectionshop\/wp-json\/wp\/v2\/product\/73226"}],"collection":[{"href":"https:\/\/tedbernhardtzgroup.com\/atworkcollectionshop\/wp-json\/wp\/v2\/product"}],"about":[{"href":"https:\/\/tedbernhardtzgroup.com\/atworkcollectionshop\/wp-json\/wp\/v2\/types\/product"}],"wp:featuredmedia":[{"embeddable":true,"href":"https:\/\/tedbernhardtzgroup.com\/atworkcollectionshop\/wp-json\/wp\/v2\/media\/78987"}],"wp:attachment":[{"href":"https:\/\/tedbernhardtzgroup.com\/atworkcollectionshop\/wp-json\/wp\/v2\/media?parent=73226"}],"wp:term":[{"taxonomy":"product_cat","embeddable":true,"href":"https:\/\/tedbernhardtzgroup.com\/atworkcollectionshop\/wp-json\/wp\/v2\/product_cat?post=73226"},{"taxonomy":"product_tag","embeddable":true,"href":"https:\/\/tedbernhardtzgroup.com\/atworkcollectionshop\/wp-json\/wp\/v2\/product_tag?post=73226"}],"curies":[{"name":"wp","href":"https:\/\/api.w.org\/{rel}","templated":true}]}}